{"id":5588,"date":"2019-11-29T08:54:13","date_gmt":"2019-11-29T08:54:13","guid":{"rendered":"http:\/\/sanluisfranceses.archimadrid.com\/?page_id=5588"},"modified":"2026-04-14T10:11:30","modified_gmt":"2026-04-14T10:11:30","slug":"accueil","status":"publish","type":"page","link":"https:\/\/sanluisfranceses.archimadrid.com\/","title":{"rendered":"Notre projet de r\u00e9novation est lanc\u00e9 ! Nous comptons sur votre g\u00e9n\u00e9rosit\u00e9, ensemble, aidons notre paroisse \u00e0 se renouveler. Objectif 500 000 \u20ac d\u2019ici d\u00e9cembre !"},"content":{"rendered":"\n<p><code><ul class=\"display-posts-listing\"><li class=\"listing-item\"><a class=\"title\" href=\"https:\/\/sanluisfranceses.archimadrid.com\/?p=7394\">Messe du jeudi de l&#8217;Ascension<\/a> <span class=\"excerpt-dash\">-<\/span> <span class=\"excerpt\">Le jeudi 14 mai n\u2019\u00e9tant pas f\u00e9ri\u00e9 en Espagne, la solennit\u00e9 de l\u2019Ascension sera c\u00e9l\u00e9br\u00e9e le dimanche. Une messe de l\u2019Ascension sera n\u00e9anmoins propos\u00e9e le jeudi \u00e0 11h30 pour les Fran\u00e7ais de passage.<\/span><\/li><li class=\"listing-item\"><a class=\"title\" href=\"https:\/\/sanluisfranceses.archimadrid.com\/?p=7045\">Pour toute demande de pr\u00e9paration au mariage ou au bapt\u00eame<\/a> <span class=\"excerpt-dash\">-<\/span> <span class=\"excerpt\">La premi\u00e8re \u00e9tape est de venir se pr\u00e9senter au p\u00e8re Rodrigo \u00e0 la sortie de la messe dominicale de 11h30 ou 19h<\/span><\/li><li class=\"listing-item\"><a class=\"title\" href=\"https:\/\/sanluisfranceses.archimadrid.com\/?p=6808\">Feuille d\u00b4annonces et liste whatsapp<\/a><\/li><li class=\"listing-item\"><a class=\"title\" href=\"https:\/\/sanluisfranceses.archimadrid.com\/?p=6672\">Feuilles de chant<\/a><\/li><li class=\"listing-item\"><a class=\"title\" href=\"https:\/\/sanluisfranceses.archimadrid.com\/?p=6654\">Inscriptions au cat\u00e9chisme\/\u00e9veil \u00e0 la foi 2025\/2026<\/a> <span class=\"excerpt-dash\">-<\/span> <span class=\"excerpt\">Le cat\u00e9chisme de la paroisse est dispens\u00e9 autant dans les installations de la paroisse qu\u2019au LFM.Une super \u00e9quipe de cat\u00e9chistes se d\u00e9ploie pour cette merveilleuse mission, avec la coordination de Inmaculada Paredes et Yolanda Ella. Contact pour s\u2019inscrire : Inmaculada Paredes +34 6 86 10 56 03 Il y a 4 ann\u00e9es de cat\u00e9chisme, KT1, [&hellip;]<\/span><\/li><\/ul><\/code><\/p>\n\n\n\n<p><\/p>\n","protected":false},"excerpt":{"rendered":"","protected":false},"author":3,"featured_media":0,"parent":0,"menu_order":0,"comment_status":"closed","ping_status":"closed","template":"","meta":{"footnotes":""},"class_list":["post-5588","page","type-page","status-publish","hentry"],"_links":{"self":[{"href":"https:\/\/sanluisfranceses.archimadrid.com\/index.php?rest_route=\/wp\/v2\/pages\/5588","targetHints":{"allow":["GET"]}}],"collection":[{"href":"https:\/\/sanluisfranceses.archimadrid.com\/index.php?rest_route=\/wp\/v2\/pages"}],"about":[{"href":"https:\/\/sanluisfranceses.archimadrid.com\/index.php?rest_route=\/wp\/v2\/types\/page"}],"author":[{"embeddable":true,"href":"https:\/\/sanluisfranceses.archimadrid.com\/index.php?rest_route=\/wp\/v2\/users\/3"}],"replies":[{"embeddable":true,"href":"https:\/\/sanluisfranceses.archimadrid.com\/index.php?rest_route=%2Fwp%2Fv2%2Fcomments&post=5588"}],"version-history":[{"count":47,"href":"https:\/\/sanluisfranceses.archimadrid.com\/index.php?rest_route=\/wp\/v2\/pages\/5588\/revisions"}],"predecessor-version":[{"id":7488,"href":"https:\/\/sanluisfranceses.archimadrid.com\/index.php?rest_route=\/wp\/v2\/pages\/5588\/revisions\/7488"}],"wp:attachment":[{"href":"https:\/\/sanluisfranceses.archimadrid.com\/index.php?rest_route=%2Fwp%2Fv2%2Fmedia&parent=5588"}],"curies":[{"name":"wp","href":"https:\/\/api.w.org\/{rel}","templated":true}]}}