{"id":32,"date":"2014-01-20T18:51:48","date_gmt":"2014-01-20T18:51:48","guid":{"rendered":"http:\/\/saintlouis-madrid.cef.fr\/?page_id=32"},"modified":"2021-02-06T16:51:42","modified_gmt":"2021-02-06T16:51:42","slug":"quien-somos","status":"publish","type":"page","link":"https:\/\/sanluisfranceses.archimadrid.com\/?page_id=32","title":{"rendered":"La paroisse Saint Louis des Fran\u00e7ais"},"content":{"rendered":"<p><a href=\"http:\/\/sanluisfranceses.archimadrid.com\/?page_id=3312\"><br \/>\n<span style=\"color: #0000ff; font-size: 12pt;\">Les contact de la paroisse : qui fait quoi ?<\/span><\/a><\/p>\n<p>La paroisse saint Louis est une paroisse du <span style=\"color: #0000ff;\"><a style=\"color: #0000ff;\" href=\"http:\/\/www.archimadrid.org\/\" target=\"_blank\" rel=\"noopener noreferrer\">dioc\u00e8se de Madrid<\/a><\/span> pour les personnes francophones.<\/p>\n<p>Elle est install\u00e9e Calle Lagasca, 89 depuis 1972.<\/p>\n<p><span style=\"color: #000000;\">L<\/span>e p\u00e8re <span style=\"color: #0000ff;\"><b>Rodrigo Alfaro Uriarte <\/b><\/span><span style=\"color: #0000ff;\"><span style=\"color: #000000;\">est notre<\/span><\/span><span style=\"color: #000000;\"> recteur depuis septembre 2020<\/span><\/p>\n<p><a href=\"http:\/\/communautes-francophones.catholique.fr\/\">Les Communaut\u00e9s Catholiques dans le monde<\/a>, un service de la <span style=\"color: #0000ff;\"><a style=\"color: #0000ff;\" href=\"http:\/\/www.eglise.catholique.fr\/accueil.html\" target=\"_blank\" rel=\"noopener noreferrer\">Conf\u00e9rence des \u00e9v\u00eaques de France<\/a>,<\/span> a le souci de ce qu&#8217;\u00e0 Madrid comme en bien d&#8217;autres villes dans le monde, les catholiques fran\u00e7ais et francophones puissent vivre leur foi accompagn\u00e9s par une pastorale fran\u00e7aise.<\/p>\n<p>Comme dans toute paroisse, on retrouve \u00e0 saint Louis les activit\u00e9s de c\u00e9l\u00e9bration, de cat\u00e9ch\u00e8se et d&#8217;approfondissement de la foi, de solidarit\u00e9. Il y a un conseil pastoral et un conseil \u00e9conomique.<\/p>\n<p>La paroisse constitue avec le Foyer-R\u00e9sidence de personnes \u00e2g\u00e9es et le Colegio san Luis \u00e0 Pozuelo l&#8217;<span style=\"color: #0000ff;\"><a style=\"color: #0000ff;\" href=\"http:\/\/www.lepetitjournal.com\/madrid\/accueil\/actualite\/163719-anniversaire-l-oeuvre-de-saint-louis-des-francais-prepare-ses-400-ans\">\u0152uvre\u00a0Saint Louis<\/a><\/span>, fond\u00e9e en 1613 par Henry de Saureulx \u00e0 Madrid en 1613.<\/p>\n<p><span style=\"color: #0000ff;\"><a style=\"color: #0000ff;\" href=\"https:\/\/www.google.fr\/maps\/place\/Calle+de+Lagasca,+89,+28006+Madrid,+Espagne\/@40.4321096,-3.6847643,17z\/data=!3m1!4b1!4m2!3m1!1s0xd4228951b99e26f:0xdcc82f3e4e56e7f5\">Pour venir \u00e0 la paroisse<br \/>\n<\/a><\/span><span style=\"color: #000000;\">(M\u00e9tro Nu\u00f1ez de Balboa ligne 5 et 9, sortie Juan Bravo)<\/span><\/p>\n<p>Notre paroisse est compos\u00e9e de nombreuses familles avec enfants.<\/p>\n","protected":false},"excerpt":{"rendered":"<p>Les contact de la paroisse : qui fait quoi ? La paroisse saint Louis est une paroisse du dioc\u00e8se de Madrid pour les personnes francophones. Elle est install\u00e9e Calle Lagasca, 89 depuis 1972. Le p\u00e8re Rodrigo Alfaro Uriarte est notre recteur depuis septembre 2020 Les Communaut\u00e9s Catholiques dans le monde, un service de la Conf\u00e9rence [&hellip;]<\/p>\n","protected":false},"author":3,"featured_media":0,"parent":0,"menu_order":0,"comment_status":"closed","ping_status":"closed","template":"","meta":{"footnotes":""},"class_list":["post-32","page","type-page","status-publish","hentry"],"_links":{"self":[{"href":"https:\/\/sanluisfranceses.archimadrid.com\/index.php?rest_route=\/wp\/v2\/pages\/32","targetHints":{"allow":["GET"]}}],"collection":[{"href":"https:\/\/sanluisfranceses.archimadrid.com\/index.php?rest_route=\/wp\/v2\/pages"}],"about":[{"href":"https:\/\/sanluisfranceses.archimadrid.com\/index.php?rest_route=\/wp\/v2\/types\/page"}],"author":[{"embeddable":true,"href":"https:\/\/sanluisfranceses.archimadrid.com\/index.php?rest_route=\/wp\/v2\/users\/3"}],"replies":[{"embeddable":true,"href":"https:\/\/sanluisfranceses.archimadrid.com\/index.php?rest_route=%2Fwp%2Fv2%2Fcomments&post=32"}],"version-history":[{"count":20,"href":"https:\/\/sanluisfranceses.archimadrid.com\/index.php?rest_route=\/wp\/v2\/pages\/32\/revisions"}],"predecessor-version":[{"id":6437,"href":"https:\/\/sanluisfranceses.archimadrid.com\/index.php?rest_route=\/wp\/v2\/pages\/32\/revisions\/6437"}],"wp:attachment":[{"href":"https:\/\/sanluisfranceses.archimadrid.com\/index.php?rest_route=%2Fwp%2Fv2%2Fmedia&parent=32"}],"curies":[{"name":"wp","href":"https:\/\/api.w.org\/{rel}","templated":true}]}}