{"id":300,"date":"2014-02-06T13:45:27","date_gmt":"2014-02-06T13:45:27","guid":{"rendered":"http:\/\/saintlouis-madrid.cef.fr\/?page_id=300"},"modified":"2022-12-08T10:31:55","modified_gmt":"2022-12-08T10:31:55","slug":"sacrement-de-la-reconciliation","status":"publish","type":"page","link":"https:\/\/sanluisfranceses.archimadrid.com\/?page_id=300","title":{"rendered":"Sacrement de la r\u00e9conciliation"},"content":{"rendered":"<p>Deux veill\u00e9es de R\u00e9conciliation sont propos\u00e9es quelques jours avant No\u00ebl et avant P\u00e2ques.<br \/>Le P\u00e8re Rodrigo est aussi \u00e0 la disposition des paroissiens tous les mercredis de 19h00 \u00e0 20h00 \u00e0 l\u2019\u00e9glise.<\/p>\n\n\n<p><\/p>\n","protected":false},"excerpt":{"rendered":"<p>Deux veill\u00e9es de R\u00e9conciliation sont propos\u00e9es quelques jours avant No\u00ebl et avant P\u00e2ques.Le P\u00e8re Rodrigo est aussi \u00e0 la disposition des paroissiens tous les mercredis de 19h00 \u00e0 20h00 \u00e0 l\u2019\u00e9glise.<\/p>\n","protected":false},"author":3,"featured_media":0,"parent":0,"menu_order":0,"comment_status":"closed","ping_status":"closed","template":"","meta":{"footnotes":""},"class_list":["post-300","page","type-page","status-publish","hentry"],"_links":{"self":[{"href":"https:\/\/sanluisfranceses.archimadrid.com\/index.php?rest_route=\/wp\/v2\/pages\/300","targetHints":{"allow":["GET"]}}],"collection":[{"href":"https:\/\/sanluisfranceses.archimadrid.com\/index.php?rest_route=\/wp\/v2\/pages"}],"about":[{"href":"https:\/\/sanluisfranceses.archimadrid.com\/index.php?rest_route=\/wp\/v2\/types\/page"}],"author":[{"embeddable":true,"href":"https:\/\/sanluisfranceses.archimadrid.com\/index.php?rest_route=\/wp\/v2\/users\/3"}],"replies":[{"embeddable":true,"href":"https:\/\/sanluisfranceses.archimadrid.com\/index.php?rest_route=%2Fwp%2Fv2%2Fcomments&post=300"}],"version-history":[{"count":10,"href":"https:\/\/sanluisfranceses.archimadrid.com\/index.php?rest_route=\/wp\/v2\/pages\/300\/revisions"}],"predecessor-version":[{"id":6789,"href":"https:\/\/sanluisfranceses.archimadrid.com\/index.php?rest_route=\/wp\/v2\/pages\/300\/revisions\/6789"}],"wp:attachment":[{"href":"https:\/\/sanluisfranceses.archimadrid.com\/index.php?rest_route=%2Fwp%2Fv2%2Fmedia&parent=300"}],"curies":[{"name":"wp","href":"https:\/\/api.w.org\/{rel}","templated":true}]}}