{"id":120,"date":"2014-01-27T22:30:58","date_gmt":"2014-01-27T22:30:58","guid":{"rendered":"http:\/\/saintlouis-madrid.cef.fr\/?page_id=120"},"modified":"2025-09-10T16:32:11","modified_gmt":"2025-09-10T16:32:11","slug":"etudiants-jeunes-professionnels","status":"publish","type":"page","link":"https:\/\/sanluisfranceses.archimadrid.com\/?page_id=120","title":{"rendered":"Etudiants \u2013 Jeunes professionnels"},"content":{"rendered":"\n<p>Etudiants<\/p>\n\n\n\n<p>Nous nous retrouvons le mercredi soir \u00e0 la Paroisse \u00e0 20h<br>pour la messe puis des soir\u00e9es d\u2019\u00e9changes et de pri\u00e8res autour d&#8217;un bon ap\u00e9ro.<\/p>\n\n\n\n<p><\/p>\n\n\n\n<p>Jeunes professionnels<\/p>\n\n\n\n<p>\u00a0R\u00e9unions le Jeudi soir une semaine sur deux \u00e0 la Paroisse vers 19h45. Au programme, un d\u00e9bat et un d\u00eener sur une th\u00e9matique alliant foi et actualit\u00e9<br>Responsable\u00a0: Victoire (+33 6 51 33 51 44) ou Marine (+33 6 50 31 23 94)<\/p>\n\n\n\n<p><\/p>\n\n\n\n<p><\/p>\n","protected":false},"excerpt":{"rendered":"<p>Etudiants Nous nous retrouvons le mercredi soir \u00e0 la Paroisse \u00e0 20hpour la messe puis des soir\u00e9es d\u2019\u00e9changes et de pri\u00e8res autour d&#8217;un bon ap\u00e9ro. Jeunes professionnels \u00a0R\u00e9unions le Jeudi soir une semaine sur deux \u00e0 la Paroisse vers 19h45. Au programme, un d\u00e9bat et un d\u00eener sur une th\u00e9matique alliant foi et actualit\u00e9Responsable\u00a0: Victoire [&hellip;]<\/p>\n","protected":false},"author":3,"featured_media":0,"parent":0,"menu_order":0,"comment_status":"closed","ping_status":"closed","template":"","meta":{"footnotes":""},"class_list":["post-120","page","type-page","status-publish","hentry"],"_links":{"self":[{"href":"https:\/\/sanluisfranceses.archimadrid.com\/index.php?rest_route=\/wp\/v2\/pages\/120","targetHints":{"allow":["GET"]}}],"collection":[{"href":"https:\/\/sanluisfranceses.archimadrid.com\/index.php?rest_route=\/wp\/v2\/pages"}],"about":[{"href":"https:\/\/sanluisfranceses.archimadrid.com\/index.php?rest_route=\/wp\/v2\/types\/page"}],"author":[{"embeddable":true,"href":"https:\/\/sanluisfranceses.archimadrid.com\/index.php?rest_route=\/wp\/v2\/users\/3"}],"replies":[{"embeddable":true,"href":"https:\/\/sanluisfranceses.archimadrid.com\/index.php?rest_route=%2Fwp%2Fv2%2Fcomments&post=120"}],"version-history":[{"count":21,"href":"https:\/\/sanluisfranceses.archimadrid.com\/index.php?rest_route=\/wp\/v2\/pages\/120\/revisions"}],"predecessor-version":[{"id":7242,"href":"https:\/\/sanluisfranceses.archimadrid.com\/index.php?rest_route=\/wp\/v2\/pages\/120\/revisions\/7242"}],"wp:attachment":[{"href":"https:\/\/sanluisfranceses.archimadrid.com\/index.php?rest_route=%2Fwp%2Fv2%2Fmedia&parent=120"}],"curies":[{"name":"wp","href":"https:\/\/api.w.org\/{rel}","templated":true}]}}