{"id":3362,"date":"2018-10-28T14:00:39","date_gmt":"2018-10-28T14:00:39","guid":{"rendered":"http:\/\/sanluisfranceses.archimadrid.com\/?page_id=3362"},"modified":"2020-09-07T15:45:09","modified_gmt":"2020-09-07T15:45:09","slug":"conseil-economique","status":"publish","type":"page","link":"http:\/\/sanluisfranceses.archimadrid.com\/?page_id=3362","title":{"rendered":"Conseil \u00e9conomique et social"},"content":{"rendered":"\n<p>Le conseil pour les affaires \u00e9conomiques assiste le recteur (ou le pr\u00eatre r\u00e9f\u00e9rent) dans l&#8217;administration des biens temporels de la communaut\u00e9<\/p>\n\n\n\n<div class=\"wp-block-media-text alignwide\" style=\"grid-template-columns:26% auto\"><figure class=\"wp-block-media-text__media\"><img loading=\"lazy\" decoding=\"async\" width=\"768\" height=\"1024\" src=\"http:\/\/sanluisfranceses.archimadrid.com\/wp-content\/uploads\/2018\/10\/IMG-20181028-WA0007-768x1024.jpg\" alt=\"\" class=\"wp-image-3369\" srcset=\"http:\/\/sanluisfranceses.archimadrid.com\/wp-content\/uploads\/2018\/10\/IMG-20181028-WA0007-768x1024.jpg 768w, http:\/\/sanluisfranceses.archimadrid.com\/wp-content\/uploads\/2018\/10\/IMG-20181028-WA0007-225x300.jpg 225w, http:\/\/sanluisfranceses.archimadrid.com\/wp-content\/uploads\/2018\/10\/IMG-20181028-WA0007-624x832.jpg 624w, http:\/\/sanluisfranceses.archimadrid.com\/wp-content\/uploads\/2018\/10\/IMG-20181028-WA0007.jpg 1200w\" sizes=\"auto, (max-width: 768px) 100vw, 768px\" \/><\/figure><div class=\"wp-block-media-text__content\">\n<p class=\"has-medium-font-size\">Jean-Michel B\u00e9ranger<\/p>\n\n\n\n<p><a href=\"mailto:jeanmichel.beranger@gmail.com\">jeanmichel.beranger@gmail.com<\/a><\/p>\n\n\n\n<p>D\u00e9put\u00e9 de l&#8217;Oeuvre de Saint Louis<\/p>\n<\/div><\/div>\n\n\n\n<div class=\"wp-block-media-text alignwide\" style=\"grid-template-columns:26% auto\"><figure class=\"wp-block-media-text__media\"><img decoding=\"async\" src=\"http:\/\/sanluisfranceses.archimadrid.com\/wp-content\/uploads\/2019\/01\/IMG-20181225-WA0003-1024x768.jpg\" alt=\"\" class=\"wp-image-3543\"\/><\/figure><div class=\"wp-block-media-text__content\">\n<p>Elisabeth Cruz de Servagent<\/p>\n\n\n\n<p>elisetluis@hotmail.com<\/p>\n<\/div><\/div>\n","protected":false},"excerpt":{"rendered":"<p>Le conseil pour les affaires \u00e9conomiques assiste le recteur (ou le pr\u00eatre r\u00e9f\u00e9rent) dans l&#8217;administration des biens temporels de la communaut\u00e9 Jean-Michel B\u00e9ranger jeanmichel.beranger@gmail.com D\u00e9put\u00e9 de l&#8217;Oeuvre de Saint Louis Elisabeth Cruz de Servagent elisetluis@hotmail.com<\/p>\n","protected":false},"author":3,"featured_media":0,"parent":0,"menu_order":0,"comment_status":"closed","ping_status":"closed","template":"","meta":{"footnotes":""},"class_list":["post-3362","page","type-page","status-publish","hentry"],"_links":{"self":[{"href":"http:\/\/sanluisfranceses.archimadrid.com\/index.php?rest_route=\/wp\/v2\/pages\/3362","targetHints":{"allow":["GET"]}}],"collection":[{"href":"http:\/\/sanluisfranceses.archimadrid.com\/index.php?rest_route=\/wp\/v2\/pages"}],"about":[{"href":"http:\/\/sanluisfranceses.archimadrid.com\/index.php?rest_route=\/wp\/v2\/types\/page"}],"author":[{"embeddable":true,"href":"http:\/\/sanluisfranceses.archimadrid.com\/index.php?rest_route=\/wp\/v2\/users\/3"}],"replies":[{"embeddable":true,"href":"http:\/\/sanluisfranceses.archimadrid.com\/index.php?rest_route=%2Fwp%2Fv2%2Fcomments&post=3362"}],"version-history":[{"count":7,"href":"http:\/\/sanluisfranceses.archimadrid.com\/index.php?rest_route=\/wp\/v2\/pages\/3362\/revisions"}],"predecessor-version":[{"id":6144,"href":"http:\/\/sanluisfranceses.archimadrid.com\/index.php?rest_route=\/wp\/v2\/pages\/3362\/revisions\/6144"}],"wp:attachment":[{"href":"http:\/\/sanluisfranceses.archimadrid.com\/index.php?rest_route=%2Fwp%2Fv2%2Fmedia&parent=3362"}],"curies":[{"name":"wp","href":"https:\/\/api.w.org\/{rel}","templated":true}]}}