{"id":290,"date":"2014-02-06T09:18:06","date_gmt":"2014-02-06T09:18:06","guid":{"rendered":"http:\/\/saintlouis-madrid.cef.fr\/?page_id=290"},"modified":"2017-11-30T20:29:21","modified_gmt":"2017-11-30T20:29:21","slug":"histoire","status":"publish","type":"page","link":"http:\/\/sanluisfranceses.archimadrid.com\/?page_id=290","title":{"rendered":"Histoire"},"content":{"rendered":"<p>Vous trouverez ci-dessous quelques \u00e9l\u00e9ments sur l&#8217;histoire de la paroisse, en fran\u00e7ais et espagnol. Les textes sont les m\u00eames, mais pas les illustrations.<br \/>\nVous trouverez aussi un certain nombre d&#8217;informations sur l&#8217;\u0152uvre saint Louis.<\/p>\n<p><a href=\"http:\/\/saintlouis-madrid.cef.fr\/wp-content\/uploads\/2014\/02\/La-Paroisse.pdf\">Histoire de la paroisse<\/a>\u00a0 \u00a0 \u00a0 \u00a0 \u00a0 \u00a0 \u00a0 \u00a0 \u00a0 \u00a0 \u00a0 \u00a0 \u00a0 \u00a0 \u00a0 \u00a0 \u00a0 \u00a0 \u00a0 \u00a0 <a href=\"http:\/\/saintlouis-madrid.cef.fr\/wp-content\/uploads\/2014\/02\/La-Parroquia.pdf\">Historia de la parroquia<\/a><\/p>\n<p><a href=\"http:\/\/saintlouis-madrid.cef.fr\/wp-content\/uploads\/2014\/02\/Henri-de-Saureulx.pdf\">Henri de Saureulx, le fondateur<\/a>\u00a0\u00a0 \u00a0 \u00a0 \u00a0 \u00a0 \u00a0 \u00a0 \u00a0 \u00a0 \u00a0 \u00a0 \u00a0\u00a0<a href=\"http:\/\/saintlouis-madrid.cef.fr\/wp-content\/uploads\/2014\/02\/Henri-de-Saureulx-Castellano1.pdf\">Henri de Saureulx, el Fundador<br \/>\n<\/a><a href=\"http:\/\/saintlouis-madrid.cef.fr\/wp-content\/uploads\/2014\/02\/Histoire-Oeuvre1.pdf\">Histoire de l&#8217;\u0152uvre Saint Louis<\/a>\u00a0 \u00a0 \u00a0 \u00a0 \u00a0 \u00a0 \u00a0 \u00a0 \u00a0 \u00a0 \u00a0 \u00a0 \u00a0 \u00a0<a href=\"http:\/\/saintlouis-madrid.cef.fr\/wp-content\/uploads\/2014\/02\/Historia-Obra.pdf\">Historia de la Obra San Luis<br \/>\n<\/a><a href=\"http:\/\/sanluisfranceses.archimadrid.com\/wp-content\/uploads\/2017\/11\/L%C2%B4Oeuvre-entre-1936-et-1939.pdf\">L&#8217;\u0152uvre entre 1936 et 1939<\/a>\u00a0 \u00a0 \u00a0 \u00a0 \u00a0 \u00a0 \u00a0 \u00a0 \u00a0 \u00a0 \u00a0 \u00a0 \u00a0 \u00a0 \u00a0 \u00a0 <a href=\"http:\/\/saintlouis-madrid.cef.fr\/wp-content\/uploads\/2014\/02\/La-Obra-entre-1936-y-1939.pdf\">La Obra entre 1936 y 1939<\/a><\/p>\n<p><a href=\"http:\/\/saintlouis-madrid.cef.fr\/wp-content\/uploads\/2014\/02\/Le-Foyer-R\u00e9sidence.pdf\">Le Foyer R\u00e9sidence<\/a>\u00a0 \u00a0 \u00a0 \u00a0 \u00a0 \u00a0 \u00a0 \u00a0 \u00a0 \u00a0 \u00a0 \u00a0 \u00a0 \u00a0 \u00a0 \u00a0 \u00a0 \u00a0 \u00a0 \u00a0 \u00a0 \u00a0 \u00a0\u00a0<a href=\"http:\/\/saintlouis-madrid.cef.fr\/wp-content\/uploads\/2014\/02\/El-Hogar-Residencia.pdf\">El Hogar Residencia<\/a><br \/>\n<a href=\"http:\/\/saintlouis-madrid.cef.fr\/wp-content\/uploads\/2014\/02\/Le-Coll\u00e9ge.pdf\">Le Coll\u00e8ge<\/a>\u00a0 \u00a0 \u00a0 \u00a0 \u00a0 \u00a0 \u00a0 \u00a0 \u00a0 \u00a0 \u00a0 \u00a0 \u00a0 \u00a0 \u00a0 \u00a0 \u00a0 \u00a0 \u00a0 \u00a0 \u00a0 \u00a0 \u00a0 \u00a0 \u00a0 \u00a0 \u00a0 \u00a0 \u00a0 \u00a0 \u00a0<a href=\"http:\/\/saintlouis-madrid.cef.fr\/wp-content\/uploads\/2014\/02\/El-Colegio.pdf\">El Colegio<\/a><\/p>\n<p><a href=\"http:\/\/saintlouis-madrid.cef.fr\/wp-content\/uploads\/2014\/02\/Aides-Sociales.pdf\">Aictivit\u00e9s sociales<\/a>\u00a0 \u00a0 \u00a0 \u00a0 \u00a0 \u00a0 \u00a0 \u00a0 \u00a0 \u00a0 \u00a0 \u00a0 \u00a0 \u00a0 \u00a0 \u00a0 \u00a0 \u00a0 \u00a0 \u00a0 \u00a0 \u00a0\u00a0 \u00a0 \u00a0<a href=\"http:\/\/saintlouis-madrid.cef.fr\/wp-content\/uploads\/2014\/02\/Actividades-Caritativas.pdf\">Actividades caritativas<\/a><\/p>\n","protected":false},"excerpt":{"rendered":"<p>Vous trouverez ci-dessous quelques \u00e9l\u00e9ments sur l&#8217;histoire de la paroisse, en fran\u00e7ais et espagnol. Les textes sont les m\u00eames, mais pas les illustrations. Vous trouverez aussi un certain nombre d&#8217;informations sur l&#8217;\u0152uvre saint Louis. Histoire de la paroisse\u00a0 \u00a0 \u00a0 \u00a0 \u00a0 \u00a0 \u00a0 \u00a0 \u00a0 \u00a0 \u00a0 \u00a0 \u00a0 \u00a0 \u00a0 \u00a0 \u00a0 \u00a0 [&hellip;]<\/p>\n","protected":false},"author":3,"featured_media":0,"parent":0,"menu_order":0,"comment_status":"closed","ping_status":"closed","template":"","meta":{"footnotes":""},"class_list":["post-290","page","type-page","status-publish","hentry"],"_links":{"self":[{"href":"http:\/\/sanluisfranceses.archimadrid.com\/index.php?rest_route=\/wp\/v2\/pages\/290","targetHints":{"allow":["GET"]}}],"collection":[{"href":"http:\/\/sanluisfranceses.archimadrid.com\/index.php?rest_route=\/wp\/v2\/pages"}],"about":[{"href":"http:\/\/sanluisfranceses.archimadrid.com\/index.php?rest_route=\/wp\/v2\/types\/page"}],"author":[{"embeddable":true,"href":"http:\/\/sanluisfranceses.archimadrid.com\/index.php?rest_route=\/wp\/v2\/users\/3"}],"replies":[{"embeddable":true,"href":"http:\/\/sanluisfranceses.archimadrid.com\/index.php?rest_route=%2Fwp%2Fv2%2Fcomments&post=290"}],"version-history":[{"count":13,"href":"http:\/\/sanluisfranceses.archimadrid.com\/index.php?rest_route=\/wp\/v2\/pages\/290\/revisions"}],"predecessor-version":[{"id":2786,"href":"http:\/\/sanluisfranceses.archimadrid.com\/index.php?rest_route=\/wp\/v2\/pages\/290\/revisions\/2786"}],"wp:attachment":[{"href":"http:\/\/sanluisfranceses.archimadrid.com\/index.php?rest_route=%2Fwp%2Fv2%2Fmedia&parent=290"}],"curies":[{"name":"wp","href":"https:\/\/api.w.org\/{rel}","templated":true}]}}